{"id":814,"date":"2019-03-12T14:26:20","date_gmt":"2019-03-12T14:26:20","guid":{"rendered":"http:\/\/vp.moreo.pl\/en\/?page_id=814"},"modified":"2019-05-16T18:26:15","modified_gmt":"2019-05-16T18:26:15","slug":"beskidy-3","status":"publish","type":"page","link":"https:\/\/kraktours.com\/es\/beskidy-3\/","title":{"rendered":"Beskiden"},"content":{"rendered":"<p>[et_pb_section bb_built=&#8221;1&#8243; admin_label=&#8221;Hero&#8221; fullwidth=&#8221;on&#8221; next_background_color=&#8221;#ffffff&#8221; _builder_version=&#8221;3.19.18&#8243; background_color=&#8221;#233b4e&#8221; parallax=&#8221;on&#8221; custom_padding=&#8221;0px|0px|0px|0px&#8221;][et_pb_fullwidth_header admin_label=&#8221;Hero Section&#8221; title=&#8221;Beskiden &#8211; Private Tour&#8221; button_one_text=&#8221;termin buchen&#8221; background_overlay_color=&#8221;rgba(29,38,51,0.86)&#8221; content_max_width=&#8221;700px&#8221; _builder_version=&#8221;3.19.18&#8243; title_font=&#8221;Oswald|on||on|&#8221; title_font_size=&#8221;65px&#8221; title_line_height=&#8221;1.3em&#8221; content_font=&#8221;Roboto||||&#8221; content_font_size=&#8221;20px&#8221; content_line_height=&#8221;1.7em&#8221; background_color=&#8221;rgba(255,255,255,0)&#8221; background_image=&#8221;https:\/\/kraktours.com\/wp-content\/uploads\/2019\/03\/ciuchcia.jpg&#8221; parallax=&#8221;on&#8221; parallax_method=&#8221;on&#8221; custom_button_one=&#8221;on&#8221; button_one_border_radius=&#8221;0px&#8221; button_one_letter_spacing=&#8221;4px&#8221; button_one_font=&#8221;Oswald|on||on|&#8221; button_one_icon=&#8221;%%3%%&#8221; button_one_icon_color=&#8221;#ffffff&#8221; custom_margin=&#8221;|||&#8221; custom_padding=&#8221;150px||150px|&#8221; custom_padding_tablet=&#8221;60px||60px|&#8221; custom_padding_last_edited=&#8221;on|tablet&#8221; animation_style=&#8221;zoom&#8221; animation_direction=&#8221;bottom&#8221; animation_intensity_zoom=&#8221;4%&#8221; button_one_text_color_hover=&#8221;#ffffff&#8221; button_one_border_color_hover=&#8221;#ffffff&#8221; button_one_border_radius_hover=&#8221;0px&#8221; button_one_letter_spacing_hover=&#8221;4px&#8221; button_one_bg_color_hover=&#8221;rgba(0,0,0,0)&#8221; button_one_text_size__hover_enabled=&#8221;off&#8221; button_two_text_size__hover_enabled=&#8221;off&#8221; button_one_text_color__hover_enabled=&#8221;on&#8221; button_one_text_color__hover=&#8221;#ffffff&#8221; button_two_text_color__hover_enabled=&#8221;off&#8221; button_one_border_width__hover_enabled=&#8221;off&#8221; button_two_border_width__hover_enabled=&#8221;off&#8221; button_one_border_color__hover_enabled=&#8221;on&#8221; button_one_border_color__hover=&#8221;#ffffff&#8221; button_two_border_color__hover_enabled=&#8221;off&#8221; button_one_border_radius__hover_enabled=&#8221;on&#8221; button_one_border_radius__hover=&#8221;0px&#8221; button_two_border_radius__hover_enabled=&#8221;off&#8221; button_one_letter_spacing__hover_enabled=&#8221;on&#8221; button_one_letter_spacing__hover=&#8221;4px&#8221; button_two_letter_spacing__hover_enabled=&#8221;off&#8221; button_one_bg_color__hover_enabled=&#8221;on&#8221; button_one_bg_color__hover=&#8221;rgba(0,0,0,0)&#8221; button_two_bg_color__hover_enabled=&#8221;off&#8221; button_one_url=&#8221;https:\/\/kraktours.com\/de\/buchung\/&#8221;]<\/p>\n<p>liegt etwa 150 km von Krakau entfernt<\/p>\n<p>[\/et_pb_fullwidth_header][\/et_pb_section][et_pb_section bb_built=&#8221;1&#8243; prev_background_color=&#8221;#233b4e&#8221; next_background_color=&#8221;#ffffff&#8221; _builder_version=&#8221;3.19.18&#8243; background_image=&#8221;https:\/\/kraktours.com\/wp-content\/uploads\/2019\/03\/tlo-1.jpg&#8221; parallax=&#8221;on&#8221; parallax_method=&#8221;off&#8221; custom_padding=&#8221;38px||0||false|false&#8221;][et_pb_row custom_padding=&#8221;25px|0px|9px|0px|false|false&#8221; _builder_version=&#8221;3.19.18&#8243;][et_pb_column type=&#8221;1_2&#8243;][et_pb_text admin_label=&#8221;Discover Beatuty Title&#8221; _builder_version=&#8221;3.19.18&#8243; text_font=&#8221;||||&#8221; text_text_color=&#8221;#1a1a1a&#8221; header_font=&#8221;Oswald|on||on|&#8221; header_text_align=&#8221;left&#8221; header_font_size=&#8221;60px&#8221; header_line_height=&#8221;1.3em&#8221; header_2_font_size=&#8221;34px&#8221; animation_style=&#8221;slide&#8221; animation_duration=&#8221;500ms&#8221; animation_intensity_slide=&#8221;10%&#8221;]<\/p>\n<h2><strong>Beskiden<\/strong><\/h2>\n<p>[\/et_pb_text][et_pb_text admin_label=&#8221;Discover Beatuty Text&#8221; disabled_on=&#8221;off|off|off%22%22&#8243; _builder_version=&#8221;3.19.18&#8243; text_font=&#8221;Roboto||||&#8221; text_font_size=&#8221;16px&#8221; text_line_height=&#8221;1.9em&#8221; custom_padding=&#8221;|||&#8221; animation_style=&#8221;slide&#8221; animation_direction=&#8221;top&#8221; animation_delay=&#8221;300ms&#8221; animation_intensity_slide=&#8221;10%&#8221;]<\/p>\n<p style=\"text-align: justify;\"><span style=\"color: #000000;\">Die Beskidische Berglandschaft liegt etwa 150km von Krakau entfernt und ist ein gro\u00dfartiges Touristenziel mit wundersch\u00f6nen Ausblicken und herrlicher Natur.  Sowohl im Sommer als auch im Winter versprechen zahlreiche Attraktionen, wie zum Beispiel, sehr gut markierte und malerisch gef\u00fchrte Touristenpfade, ausgewiesene Aussichtpunkte, Fahrradtouren, oder das schwimmen in kristallklaren Gebirgsb\u00e4chen ein unglaubliches Erlebnis! \u00dcber das ganze Jahr hinweg gibt es zahlreiche Sessellifte, welche sie m\u00fchelos zu den besten Panoramen S\u00fcdpolens bringen! Die Reisezeit von Krakau aus dauert ca. 2 Stunden.<\/span><\/p>\n<p style=\"text-align: justify;\"><span style=\"color: #000000;\"><strong>Sie w\u00e4hlen die Attraktionen und Orte, die Sie sehen m\u00f6chten.<\/strong><\/span><\/p>\n<p style=\"text-align: justify;\">\n<p>[\/et_pb_text][\/et_pb_column][et_pb_column type=&#8221;1_2&#8243;][et_pb_blurb title=&#8221;Reisedauer: &#8221; use_icon=&#8221;on&#8221; font_icon=&#8221;%%373%%&#8221; icon_color=&#8221;#00af95&#8243; icon_placement=&#8221;left&#8221; _builder_version=&#8221;3.19.18&#8243; header_font=&#8221;|700|||||||&#8221; body_font=&#8221;||||||||&#8221; body_text_color=&#8221;#000000&#8243; body_font_size=&#8221;16px&#8221;]<\/p>\n<p>bis zu 10 Stunden<\/p>\n<p>[\/et_pb_blurb][et_pb_blurb title=&#8221;Ausflugpreis pro Gruppe:&#8221; use_icon=&#8221;on&#8221; font_icon=&#8221;%%156%%&#8221; icon_color=&#8221;#00af95&#8243; icon_placement=&#8221;left&#8221; _builder_version=&#8221;3.19.18&#8243; header_font=&#8221;|700|||||||&#8221; body_font=&#8221;||||||||&#8221; body_text_color=&#8221;#000000&#8243; body_font_size=&#8221;16px&#8221;]<\/p>\n<ul>\n<li><span style=\"color: #0c0c0c;\">1-3 Personen    149 \u20ac \/ 600 PLN <\/span><\/li>\n<li><span style=\"color: #0c0c0c;\">4-6 Personen    169 \u20ac \/ 680 PLN <\/span><\/li>\n<li><span style=\"color: #0c0c0c;\">7-8 Personen    179 \u20ac \/ 720 PLN <\/span><\/li>\n<\/ul>\n<p>[\/et_pb_blurb][et_pb_blurb title=&#8221;Der Reisepreis enth\u00e4lt:&#8221; use_icon=&#8221;on&#8221; font_icon=&#8221;%%32%%&#8221; icon_color=&#8221;#00af95&#8243; icon_placement=&#8221;left&#8221; _builder_version=&#8221;3.19.18&#8243; header_font=&#8221;|700|||||||&#8221; body_text_color=&#8221;#000000&#8243; body_font_size=&#8221;16px&#8221; custom_margin=&#8221;-20px||&#8221;]<\/p>\n<ul>\n<li>Einen privaten Mini-Van, klimatisiert und komfortabel &#8211; mit einem Fahrer nur f\u00fcr Sie<\/li>\n<li>&#8220;T\u00fcr zu T\u00fcr&#8221; Service: Sie werden abgeholt und direkt zu \/ von Ihrem Hotel \/ ausgew\u00e4hlten Ort in Krakau oder in der N\u00e4he gebracht<\/li>\n<li>Deutschsprachige Unterst\u00fctzung seitens Fahrer<\/li>\n<li>Eine Auswahl erfrischender Getr\u00e4nke im Sommer<\/li>\n<\/ul>\n<p>[\/et_pb_blurb][et_pb_blurb title=&#8221;Zus\u00e4tzliche Kosten&#8221; use_icon=&#8221;on&#8221; font_icon=&#8221;%%162%%&#8221; icon_color=&#8221;#00af95&#8243; icon_placement=&#8221;left&#8221; _builder_version=&#8221;3.19.18&#8243; header_font=&#8221;|700|||||||&#8221; body_font=&#8221;||||||||&#8221; body_text_color=&#8221;#000000&#8243; body_font_size=&#8221;16px&#8221; custom_margin=&#8221;||&#8221;]<\/p>\n<p>Eintritskarten f\u00fcr ausgew\u00e4hlte Sehensw\u00fcrdigkeiten sind nicht im Reisepreis enthalten.<\/p>\n<p>[\/et_pb_blurb][\/et_pb_column][\/et_pb_row][et_pb_row custom_padding=&#8221;1px|0px|27px|0px|false|false&#8221; _builder_version=&#8221;3.19.18&#8243;][et_pb_column type=&#8221;4_4&#8243;][et_pb_text admin_label=&#8221;Discover Beatuty Title&#8221; _builder_version=&#8221;3.19.18&#8243; text_font=&#8221;||||&#8221; text_text_color=&#8221;#1a1a1a&#8221; header_font=&#8221;Oswald|on||on|&#8221; header_text_align=&#8221;left&#8221; header_font_size=&#8221;60px&#8221; header_line_height=&#8221;1.3em&#8221; header_2_font_size=&#8221;24px&#8221; animation_style=&#8221;slide&#8221; animation_duration=&#8221;500ms&#8221; animation_intensity_slide=&#8221;10%&#8221;]<\/p>\n<h2 style=\"text-align: center;\"><strong>Folgende Attraktionen zur Auswahl:<\/strong><\/h2>\n<p>[\/et_pb_text][\/et_pb_column][\/et_pb_row][\/et_pb_section][et_pb_section bb_built=&#8221;1&#8243; prev_background_color=&#8221;#ffffff&#8221; _builder_version=&#8221;3.19.18&#8243; background_image=&#8221;https:\/\/kraktours.com\/wp-content\/uploads\/2019\/03\/tlo-1.jpg&#8221; parallax=&#8221;on&#8221; parallax_method=&#8221;off&#8221; custom_padding=&#8221;0|0px|54px|0px|false|false&#8221;][et_pb_row make_fullwidth=&#8221;on&#8221; use_custom_gutter=&#8221;on&#8221; gutter_width=&#8221;2&#8243; custom_padding=&#8221;27px|0px|11px|0px|false|false&#8221; _builder_version=&#8221;3.19.18&#8243;][et_pb_column type=&#8221;1_4&#8243;][et_pb_image src=&#8221;https:\/\/kraktours.com\/wp-content\/uploads\/2019\/03\/gora-zor.jpg&#8221; show_in_lightbox=&#8221;on&#8221; _builder_version=&#8221;3.19.18&#8243; border_radii=&#8221;on|20px|20px|20px|20px&#8221; filter_brightness=&#8221;59%&#8221; filter_brightness__hover_enabled=&#8221;on&#8221; filter_brightness__hover=&#8221;100%&#8221; \/][et_pb_text _builder_version=&#8221;3.19.18&#8243; custom_margin=&#8221;||&#8221;]<\/p>\n<h5 style=\"text-align: center;\"><strong>Schmalspurbahn auf den Berg \u201e\u017bar\u201d<\/strong><\/h5>\n<p>[\/et_pb_text][et_pb_toggle title=&#8221;Mehr&#8221; icon_color=&#8221;#05b197&#8243; _builder_version=&#8221;3.19.18&#8243; border_radii=&#8221;on|20px|20px|20px|20px&#8221; custom_margin=&#8221;-15px||&#8221;]<\/p>\n<p style=\"text-align: center;\">Der Berg \u201e\u017bar\u201c ist ein gro\u00dfartiger Aussichtspunkt. Vom Gipfel des Berges gibt es ein Panorama des \u017bywiecka-Beckens mit dem \u017bywieckie-See, den Gipfeln der \u017bywiec-Beskiden und der Schlesischen Beskiden sowie der Beskid-Ma\u0142y-Gruppe, die sich auf der anderen Seite der So\u0142a Magurka Wilkowicka-Gruppe befindet. In dieser Gruppe sind fast alle Gipfel sichtbar.<\/p>\n<p>[\/et_pb_toggle][\/et_pb_column][et_pb_column type=&#8221;1_4&#8243;][et_pb_image src=&#8221;https:\/\/kraktours.com\/wp-content\/uploads\/2019\/03\/zywice.jpg&#8221; show_in_lightbox=&#8221;on&#8221; _builder_version=&#8221;3.19.18&#8243; border_radii=&#8221;on|20px|20px|20px|20px&#8221; filter_brightness=&#8221;59%&#8221; hover_enabled=&#8221;1&#8243; filter_brightness__hover_enabled=&#8221;on&#8221; filter_brightness__hover=&#8221;100%&#8221; \/][et_pb_text _builder_version=&#8221;3.19.18&#8243; header_5_font=&#8221;||||||||&#8221; header_5_font_size=&#8221;15px&#8221; custom_margin=&#8221;||&#8221;]<\/p>\n<h5 style=\"text-align: center;\"><strong>Brauerei \u017bywiec &#8211; Brauereimuseum<\/strong><\/h5>\n<p>[\/et_pb_text][et_pb_toggle title=&#8221;Mehr&#8221; icon_color=&#8221;#05b197&#8243; _builder_version=&#8221;3.19.18&#8243; border_radii=&#8221;on|20px|20px|20px|20px&#8221; custom_margin=&#8221;-15px||&#8221;]<\/p>\n<p style=\"text-align: center;\">Das \u017bywiec Brauerei Museum wurde 2006 anl\u00e4sslich des 150-j\u00e4hrigen Jubil\u00e4ums der Brauerei er\u00f6ffnet. Schon der Standort des Museums weckt die Neugierde, denn es befindet sich im ehemaligen Keller der Brauerei. Nach dem \u00dcberqueren des Museumstores betreten die G\u00e4ste die Welt, die von der \u00fcber 160-j\u00e4hrigen Geschichte der Brauerei und dem darin produzierten Bier gepr\u00e4gt ist. Sie durchlaufen die Messehallen und lernen aktiv die Entwicklung der Brauerei und der Marke \u017bywiec bis heute kennen. Nach dem Besuch der Museumsr\u00e4ume haben Sie viel Zeit, Bier zu verkosten und kleine Mitbringsel f\u00fcr die daheimgebliebenen zu erwerben.<\/p>\n<p>[\/et_pb_toggle][\/et_pb_column][et_pb_column type=&#8221;1_4&#8243;][et_pb_image src=&#8221;https:\/\/kraktours.com\/wp-content\/uploads\/2019\/03\/zamek.jpg&#8221; show_in_lightbox=&#8221;on&#8221; _builder_version=&#8221;3.19.18&#8243; border_radii=&#8221;on|20px|20px|20px|20px&#8221; filter_brightness=&#8221;59%&#8221; hover_enabled=&#8221;1&#8243; filter_brightness__hover_enabled=&#8221;on&#8221; filter_brightness__hover=&#8221;100%&#8221; \/][et_pb_text _builder_version=&#8221;3.19.18&#8243; header_5_font=&#8221;||||||||&#8221; header_5_font_size=&#8221;15px&#8221; custom_margin=&#8221;||&#8221;]<\/p>\n<h5 style=\"text-align: center;\"><strong>Altes Schloss in \u017bywiec &#8211; Stadtmuseum<\/strong><\/h5>\n<p>[\/et_pb_text][et_pb_toggle title=&#8221;Mehr&#8221; icon_color=&#8221;#05b197&#8243; _builder_version=&#8221;3.19.18&#8243; border_radii=&#8221;on|20px|20px|20px|20px&#8221; custom_margin=&#8221;-15px||&#8221;]<\/p>\n<p style=\"text-align: center;\">Das alte Zywiec Schloss befindet sich an der Stelle, an der einst eine mitellalterliche Burg stand, welche 1477 durch die milit\u00e4rischen Machenschaften von K\u00f6nig Kasimir dem Jagiellonen gegen das Komorowski-Wappen Korczak zerst\u00f6rt wurde. Der Wiederaufbau des Schlosses erfolgte in den Jahren 1485-1500; Eine weitere Expansion fand 1567 statt und wurde von Komorowski geleitet. Seit 2005 ist das Alte Schloss Sitz des Stadtmuseums in \u017bywiec. Im Rahmen der Dauerausstellungen kann die traditionelle Holzarchitekur der schlesischen Woiowodschaft besichtigt werden.<\/p>\n<p>[\/et_pb_toggle][\/et_pb_column][et_pb_column type=&#8221;1_4&#8243;][et_pb_image src=&#8221;https:\/\/kraktours.com\/wp-content\/uploads\/2019\/03\/palac.jpg&#8221; show_in_lightbox=&#8221;on&#8221; _builder_version=&#8221;3.19.18&#8243; border_radii=&#8221;on|20px|20px|20px|20px&#8221; filter_brightness=&#8221;59%&#8221; hover_enabled=&#8221;1&#8243; filter_brightness__hover_enabled=&#8221;on&#8221; filter_brightness__hover=&#8221;100%&#8221; \/][et_pb_text _builder_version=&#8221;3.19.18&#8243; custom_margin=&#8221;||&#8221;]<\/p>\n<h5 style=\"text-align: center;\"><strong>Der Habsburger Palast<\/strong><\/h5>\n<p>[\/et_pb_text][et_pb_toggle title=&#8221;Mehr&#8221; icon_color=&#8221;#05b197&#8243; _builder_version=&#8221;3.19.18&#8243; border_radii=&#8221;on|20px|20px|20px|20px&#8221; custom_margin=&#8221;-15px||&#8221;]<\/p>\n<p style=\"text-align: center;\">Der Palast wurde von dem Erzherzog Albrecht von Karol Pietschka entworfen und mehrmals umgebaut. In den Jahren 1893-1895 wurde ein neuer, mit Glasdach gedeckter Fl\u00fcgel geschaffen, in dem Schlafzimmer und G\u00e4stezimmer angeordnet wurden. Eine weitere Erweiterung erfolgte, als der Besitz von \u017bywiec vom verstorbenen Onkel Karol Stefan \u00fcbernommen wurde. Zu seiner Lebzeit wurde ein S\u00fcdfl\u00fcgel mit Zu dieser Zeit wurde ein Pavillon f\u00fcr die Erweiterung des S\u00fcdfl\u00fcgels hinzugef\u00fcgt, in dem sich der Ballsaal im ersten Stock befand. Er wurde als \u201eder gespiegelte Saal\u201c bezeichnet, da er rundherum mit Spiegel gef\u00fcllt war. Die letzte Erweiterung wurde 1911 vorgenommen.<\/p>\n<p>[\/et_pb_toggle][\/et_pb_column][\/et_pb_row][et_pb_row make_fullwidth=&#8221;on&#8221; use_custom_gutter=&#8221;on&#8221; gutter_width=&#8221;2&#8243; custom_padding=&#8221;27px|0px|11px|0px|false|false&#8221; _builder_version=&#8221;3.19.18&#8243;][et_pb_column type=&#8221;1_4&#8243;][et_pb_image src=&#8221;https:\/\/kraktours.com\/wp-content\/uploads\/2019\/03\/deptak.jpg&#8221; show_in_lightbox=&#8221;on&#8221; _builder_version=&#8221;3.19.18&#8243; border_radii=&#8221;on|20px|20px|20px|20px&#8221; filter_brightness=&#8221;59%&#8221; filter_brightness__hover_enabled=&#8221;on&#8221; filter_brightness__hover=&#8221;100%&#8221; \/][et_pb_text _builder_version=&#8221;3.19.18&#8243; custom_margin=&#8221;||&#8221;]<\/p>\n<h5 style=\"text-align: center;\"><strong>Marktplatz und Promenade in Wis\u0142a<\/strong><\/h5>\n<p>[\/et_pb_text][et_pb_toggle title=&#8221;Mehr&#8221; icon_color=&#8221;#05b197&#8243; _builder_version=&#8221;3.19.18&#8243; border_radii=&#8221;on|20px|20px|20px|20px&#8221; custom_margin=&#8221;-15px||&#8221;]<\/p>\n<p style=\"text-align: center;\">Der Marktplatz in Wis\u0142a ist der zentrale Platz der Stadt, der in der Zwischenkriegszeit geschaffen wurde. Auf dem Marktplatz unter dem Kurhaus gibt es einen Brunnen, der an hei\u00dfen Tagen f\u00fcr Erfrischung sorgt, gleich daneben befinden sich St\u00e4nde mit lokalem Kunsthandwerk. Der Marktplatz ist \u00fcber das ganze Jahr hinweg sehr interessant und wundersch\u00f6n anzusehen. Diese Touristenattraktion bietet kleine Cafes, sch\u00f6ne Lokale zum esssen, aber auch gem\u00fctliche Parkb\u00e4nke um die Zeit vor sich hin treiben zu lassen. <\/p>\n<p>[\/et_pb_toggle][\/et_pb_column][et_pb_column type=&#8221;1_4&#8243;][et_pb_image src=&#8221;https:\/\/kraktours.com\/wp-content\/uploads\/2019\/03\/skocznia.jpg&#8221; show_in_lightbox=&#8221;on&#8221; _builder_version=&#8221;3.19.18&#8243; border_radii=&#8221;on|20px|20px|20px|20px&#8221; filter_brightness=&#8221;59%&#8221; hover_enabled=&#8221;1&#8243; filter_brightness__hover_enabled=&#8221;on&#8221; filter_brightness__hover=&#8221;100%&#8221; \/][et_pb_text _builder_version=&#8221;3.19.18&#8243; custom_margin=&#8221;||&#8221;]<\/p>\n<h5 style=\"text-align: center;\"><strong> Die Sprungschanze in Wis\u0142a Malinka<\/strong><\/h5>\n<p>[\/et_pb_text][et_pb_toggle title=&#8221;Mehr&#8221; icon_color=&#8221;#05b197&#8243; _builder_version=&#8221;3.19.18&#8243; border_radii=&#8221;on|20px|20px|20px|20px&#8221; custom_margin=&#8221;-15px||&#8221;]<\/p>\n<p style=\"text-align: center;\">Die Sprungschanze in Malinka ist das ganze Jahr \u00fcber k\u00fcnstlich beschneit, beleuchtet, mit der Oberfl\u00e4che der Nadel. Mit dem Sessellift neben dem H\u00fcgel kann der Turm auch als idealer Aussichtspunkt f\u00fcr Touristen genutzt werden. Der H\u00fcgel ist ein Symbol der Dankbarkeit f\u00fcr Adam Ma\u0142ysz. Sie wird seine Verdienste f\u00fcr die Stadt und Polen ehren, weshalb das Objekt nach dem ber\u00fchmtesten polnischen Skispringer benannt wurde.<\/p>\n<p>[\/et_pb_toggle][\/et_pb_column][et_pb_column type=&#8221;1_4&#8243;][et_pb_image src=&#8221;https:\/\/kraktours.com\/wp-content\/uploads\/2019\/03\/skrzyczne.jpg&#8221; show_in_lightbox=&#8221;on&#8221; _builder_version=&#8221;3.19.18&#8243; border_radii=&#8221;on|20px|20px|20px|20px&#8221; filter_brightness=&#8221;59%&#8221; hover_enabled=&#8221;1&#8243; filter_brightness__hover_enabled=&#8221;on&#8221; filter_brightness__hover=&#8221;100%&#8221; \/][et_pb_text _builder_version=&#8221;3.19.18&#8243; custom_margin=&#8221;||&#8221;]<\/p>\n<h5 style=\"text-align: center;\"><strong>  Der Sessellift nach Skrzyczne<\/strong><\/h5>\n<p>[\/et_pb_text][et_pb_toggle title=&#8221;Mehr&#8221; icon_color=&#8221;#05b197&#8243; _builder_version=&#8221;3.19.18&#8243; border_radii=&#8221;on|20px|20px|20px|20px&#8221; custom_margin=&#8221;-15px||&#8221;]<\/p>\n<p style=\"text-align: center;\">Skrzyczne ist der h\u00f6chste Gipfel der schlesischen Beskiden, der sich oberhalb von Szczyrk erhebt. Der Sessellift nach Skrzyczne ist ein moderner Aufzug, der aus zwei Abschnitten besteht. Der untere Teil beginnt in Szczyrk und ist ein Zweisitzer-Sessellift, welcher Touristen nach Hala Jaworzyna bringt. Der Zweite Abschnitt geht von Jaworzyna bis Skrzyczne. Auf diesem Teil haben die Touristen einen angenehmen Vier-Personen-Sessel.<\/p>\n<p>[\/et_pb_toggle][\/et_pb_column][et_pb_column type=&#8221;1_4&#8243;][et_pb_image src=&#8221;https:\/\/kraktours.com\/wp-content\/uploads\/2019\/03\/ciuchcia2.jpg&#8221; show_in_lightbox=&#8221;on&#8221; _builder_version=&#8221;3.19.18&#8243; border_radii=&#8221;on|20px|20px|20px|20px&#8221; filter_brightness=&#8221;59%&#8221; hover_enabled=&#8221;1&#8243; filter_brightness__hover_enabled=&#8221;on&#8221; filter_brightness__hover=&#8221;100%&#8221; \/][et_pb_text _builder_version=&#8221;3.19.18&#8243; header_font=&#8221;||||||||&#8221; header_5_font=&#8221;||||||||&#8221; header_5_font_size=&#8221;15px&#8221; custom_margin=&#8221;||&#8221;]<\/p>\n<h5 style=\"text-align: center;\"><strong>Reise mit der Bimmelbahn<\/strong><\/h5>\n<p>[\/et_pb_text][et_pb_toggle title=&#8221;See more&#8221; icon_color=&#8221;#05b197&#8243; _builder_version=&#8221;3.19.18&#8243; border_radii=&#8221;on|20px|20px|20px|20px&#8221; custom_margin=&#8221;-15px||&#8221;]<\/p>\n<p style=\"text-align: justify;\">Fahrt mit dem Bimmelbahn zu den wichtigsten Sehensw\u00fcrdigkeiten in Wis\u0142a. Es gibt 3 Routen zur Auswahl. Die Reise dauert etwa 2,5 Stunden.<\/p>\n<p>[\/et_pb_toggle][\/et_pb_column][\/et_pb_row][\/et_pb_section]<\/p>\n","protected":false},"excerpt":{"rendered":"<p>liegt etwa 150 km von Krakau entfernt Beskiden Die Beskidische Berglandschaft liegt etwa 150km von Krakau entfernt und ist ein gro\u00dfartiges Touristenziel mit wundersch\u00f6nen Ausblicken und herrlicher Natur. Sowohl im Sommer als auch im Winter versprechen zahlreiche Attraktionen, wie zum Beispiel, sehr gut markierte und malerisch gef\u00fchrte Touristenpfade, ausgewiesene Aussichtpunkte, Fahrradtouren, oder das schwimmen in [&hellip;]<\/p>\n","protected":false},"author":1,"featured_media":0,"parent":0,"menu_order":0,"comment_status":"closed","ping_status":"closed","template":"","meta":{"_et_pb_use_builder":"on","_et_pb_old_content":"","_et_gb_content_width":"","footnotes":""},"class_list":["post-814","page","type-page","status-publish","hentry"],"_links":{"self":[{"href":"https:\/\/kraktours.com\/es\/wp-json\/wp\/v2\/pages\/814","targetHints":{"allow":["GET"]}}],"collection":[{"href":"https:\/\/kraktours.com\/es\/wp-json\/wp\/v2\/pages"}],"about":[{"href":"https:\/\/kraktours.com\/es\/wp-json\/wp\/v2\/types\/page"}],"author":[{"embeddable":true,"href":"https:\/\/kraktours.com\/es\/wp-json\/wp\/v2\/users\/1"}],"replies":[{"embeddable":true,"href":"https:\/\/kraktours.com\/es\/wp-json\/wp\/v2\/comments?post=814"}],"version-history":[{"count":17,"href":"https:\/\/kraktours.com\/es\/wp-json\/wp\/v2\/pages\/814\/revisions"}],"predecessor-version":[{"id":1500,"href":"https:\/\/kraktours.com\/es\/wp-json\/wp\/v2\/pages\/814\/revisions\/1500"}],"wp:attachment":[{"href":"https:\/\/kraktours.com\/es\/wp-json\/wp\/v2\/media?parent=814"}],"curies":[{"name":"wp","href":"https:\/\/api.w.org\/{rel}","templated":true}]}}